{"id":50372,"date":"2024-04-23T01:49:15","date_gmt":"2024-04-22T23:49:15","guid":{"rendered":"https:\/\/redeacampa.org\/?page_id=50372"},"modified":"2025-05-01T18:52:27","modified_gmt":"2025-05-01T16:52:27","slug":"organizacions-na-rede","status":"publish","type":"page","link":"https:\/\/redeacampa.org\/gl\/organizacions-na-rede\/","title":{"rendered":"Organizaci\u00f3ns na rede"},"content":{"rendered":"<p>[et_pb_section fb_built=&#8221;1&#8243; fullwidth=&#8221;on&#8221; custom_padding_last_edited=&#8221;on|desktop&#8221; admin_label=&#8221;section&#8221; _builder_version=&#8221;4.16&#8243; background_color=&#8221;#cd1619&#8243; custom_padding_tablet=&#8221;50px|0|50px|0&#8243; custom_padding_phone=&#8221;&#8221; transparent_background=&#8221;off&#8221; padding_mobile=&#8221;off&#8221; locked=&#8221;off&#8221; collapsed=&#8221;off&#8221; global_colors_info=&#8221;{}&#8221;][et_pb_fullwidth_header title=&#8221;COLABORAN&#8221; subhead=&#8221;Organizaci\u00f3ns que compo\u00f1en a Rede ACAMPA&#8221; admin_label=&#8221;T\u00edtulo de anchura completa&#8221; _builder_version=&#8221;4.23.1&#8243; title_font=&#8221;|on|||&#8221; subhead_font=&#8221;||on||&#8221; background_color=&#8221;rgba(255, 255, 255, 0)&#8221; button_one_letter_spacing_hover=&#8221;0&#8243; button_two_letter_spacing_hover=&#8221;0&#8243; global_colors_info=&#8221;{}&#8221; button_one_text_size__hover_enabled=&#8221;off&#8221; button_two_text_size__hover_enabled=&#8221;off&#8221; button_one_text_color__hover_enabled=&#8221;off&#8221; button_two_text_color__hover_enabled=&#8221;off&#8221; button_one_border_width__hover_enabled=&#8221;off&#8221; button_two_border_width__hover_enabled=&#8221;off&#8221; button_one_border_color__hover_enabled=&#8221;off&#8221; button_two_border_color__hover_enabled=&#8221;off&#8221; button_one_border_radius__hover_enabled=&#8221;off&#8221; button_two_border_radius__hover_enabled=&#8221;off&#8221; button_one_letter_spacing__hover_enabled=&#8221;on&#8221; button_one_letter_spacing__hover=&#8221;0&#8243; button_two_letter_spacing__hover_enabled=&#8221;on&#8221; button_two_letter_spacing__hover=&#8221;0&#8243; button_one_bg_color__hover_enabled=&#8221;off&#8221; button_two_bg_color__hover_enabled=&#8221;off&#8221;][\/et_pb_fullwidth_header][\/et_pb_section][et_pb_section fb_built=&#8221;1&#8243; admin_label=&#8221;Secci\u00f3n Rosa Cabecera&#8221; _builder_version=&#8221;4.23.1&#8243; _module_preset=&#8221;default&#8221; background_color=&#8221;#eeeeee&#8221; custom_margin=&#8221;||||false|false&#8221; custom_padding=&#8221;||||false|false&#8221; locked=&#8221;off&#8221; collapsed=&#8221;off&#8221; global_colors_info=&#8221;{}&#8221;][et_pb_row column_structure=&#8221;1_4,1_4,1_4,1_4&#8243; use_custom_gutter=&#8221;on&#8221; make_equal=&#8221;on&#8221; admin_label=&#8221;Cabecera&#8221; _builder_version=&#8221;4.23.1&#8243; _module_preset=&#8221;default&#8221; min_height=&#8221;462.2px&#8221; custom_margin=&#8221;5px|auto|-40px|auto||&#8221; custom_padding=&#8221;||0px|||&#8221; locked=&#8221;off&#8221; collapsed=&#8221;off&#8221; global_colors_info=&#8221;{}&#8221;][et_pb_column type=&#8221;1_4&#8243; _builder_version=&#8221;4.16&#8243; _module_preset=&#8221;default&#8221; global_colors_info=&#8221;{}&#8221;][et_pb_image src=&#8221;https:\/\/redeacampa.org\/wp-content\/uploads\/logo-cuac-utilidade-publica-acampa.jpg&#8221; alt=&#8221;CUACFM&#8221; title_text=&#8221;logo cuac utilidade publica acampa&#8221; url=&#8221;https:\/\/cuacfm.org\/&#8221; url_new_window=&#8221;on&#8221; admin_label=&#8221;CUACFM&#8221; _builder_version=&#8221;4.23.1&#8243; _module_preset=&#8221;default&#8221; animation_style=&#8221;slide&#8221; global_colors_info=&#8221;{}&#8221;][\/et_pb_image][et_pb_image src=&#8221;https:\/\/redeacampa.org\/wp-content\/uploads\/1.FIBGAR.png&#8221; alt=&#8221;1.FIBGAR&#8221; title_text=&#8221;1.FIBGAR&#8221; url=&#8221;https:\/\/fibgar.es\/&#8221; url_new_window=&#8221;on&#8221; admin_label=&#8221;FibGar&#8221; _builder_version=&#8221;4.23.1&#8243; _module_preset=&#8221;default&#8221; animation_style=&#8221;slide&#8221; global_colors_info=&#8221;{}&#8221;][\/et_pb_image][et_pb_image src=&#8221;https:\/\/redeacampa.org\/wp-content\/uploads\/5.mayday.jpg&#8221; alt=&#8221;1.FIBGAR&#8221; title_text=&#8221;5.mayday&#8221; url=&#8221;http:\/\/www.maydayterraneo.org\/es\/&#8221; url_new_window=&#8221;on&#8221; admin_label=&#8221;MayDayTerraneo&#8221; _builder_version=&#8221;4.23.1&#8243; _module_preset=&#8221;default&#8221; animation_style=&#8221;slide&#8221; global_colors_info=&#8221;{}&#8221;][\/et_pb_image][et_pb_image src=&#8221;https:\/\/redeacampa.org\/wp-content\/uploads\/9.AVAgraOrzan.png&#8221; alt=&#8221;1.FIBGAR&#8221; title_text=&#8221;9.AVAgraOrzan&#8221; url=&#8221;https:\/\/agradoorzan.blogspot.com\/&#8221; url_new_window=&#8221;on&#8221; admin_label=&#8221;46 A. VV. Agra do Orzan&#8221; _builder_version=&#8221;4.23.1&#8243; _module_preset=&#8221;default&#8221; animation_style=&#8221;slide&#8221; global_colors_info=&#8221;{}&#8221;][\/et_pb_image][et_pb_image src=&#8221;https:\/\/redeacampa.org\/wp-content\/uploads\/13.AfricaUniversal.png&#8221; alt=&#8221;1.FIBGAR&#8221; title_text=&#8221;13.AfricaUniversal&#8221; url=&#8221;https:\/\/www.facebook.com\/Africa-universal-682230628470519\/&#8221; url_new_window=&#8221;on&#8221; admin_label=&#8221;23 africa universal&#8221; _builder_version=&#8221;4.23.1&#8243; _module_preset=&#8221;default&#8221; animation_style=&#8221;slide&#8221; global_colors_info=&#8221;{}&#8221;][\/et_pb_image][et_pb_image src=&#8221;https:\/\/redeacampa.org\/wp-content\/uploads\/17.amnistiaInternacional-1.png&#8221; alt=&#8221;1.FIBGAR&#8221; title_text=&#8221;17.amnistiaInternacional-1&#8243; url=&#8221;https:\/\/www.es.amnesty.org\/&#8221; url_new_window=&#8221;on&#8221; admin_label=&#8221;0 Amnistia Internacional&#8221; _builder_version=&#8221;4.23.1&#8243; _module_preset=&#8221;default&#8221; animation_style=&#8221;slide&#8221; global_colors_info=&#8221;{}&#8221;][\/et_pb_image][et_pb_image src=&#8221;https:\/\/redeacampa.org\/wp-content\/uploads\/21.eoiArabe.png&#8221; alt=&#8221;1.FIBGAR&#8221; title_text=&#8221;21.eoiArabe&#8221; url=&#8221;https:\/\/www.edu.xunta.gal\/centros\/eoicoruna\/arabe&#8221; url_new_window=&#8221;on&#8221; admin_label=&#8221;14 arabe eoi a coru\u00f1a&#8221; _builder_version=&#8221;4.23.1&#8243; _module_preset=&#8221;default&#8221; animation_style=&#8221;slide&#8221; global_colors_info=&#8221;{}&#8221;][\/et_pb_image][et_pb_image src=&#8221;https:\/\/redeacampa.org\/wp-content\/uploads\/25.families4pace.png&#8221; alt=&#8221;1.FIBGAR&#8221; title_text=&#8221;25.families4pace&#8221; url=&#8221;https:\/\/www.families4peace.com\/&#8221; url_new_window=&#8221;on&#8221; admin_label=&#8221;5 Families 4 peace&#8221; _builder_version=&#8221;4.23.1&#8243; _module_preset=&#8221;default&#8221; animation_style=&#8221;slide&#8221; global_colors_info=&#8221;{}&#8221;][\/et_pb_image][et_pb_image src=&#8221;https:\/\/redeacampa.org\/wp-content\/uploads\/29.FucoBuxan.png&#8221; alt=&#8221;1.FIBGAR&#8221; title_text=&#8221;29.FucoBuxan&#8221; url=&#8221;https:\/\/www.fucobuxan.net\/&#8221; url_new_window=&#8221;on&#8221; admin_label=&#8221;27 Fuco Buxan&#8221; _builder_version=&#8221;4.23.1&#8243; _module_preset=&#8221;default&#8221; animation_style=&#8221;slide&#8221; global_colors_info=&#8221;{}&#8221;][\/et_pb_image][et_pb_image src=&#8221;https:\/\/redeacampa.org\/wp-content\/uploads\/33.juanSonador.png&#8221; alt=&#8221;1.FIBGAR&#8221; title_text=&#8221;33.juanSonador&#8221; url=&#8221;https:\/\/fundacionjuans.org\/&#8221; url_new_window=&#8221;on&#8221; admin_label=&#8221;43 Juan So\u00f1ador&#8221; _builder_version=&#8221;4.23.1&#8243; _module_preset=&#8221;default&#8221; animation_style=&#8221;slide&#8221; global_colors_info=&#8221;{}&#8221;][\/et_pb_image][et_pb_image src=&#8221;https:\/\/redeacampa.org\/wp-content\/uploads\/37.MarchaMulleres.png&#8221; alt=&#8221;1.FIBGAR&#8221; title_text=&#8221;37.MarchaMulleres&#8221; url=&#8221;https:\/\/www.facebook.com\/marchamundialmulleres.galiza\/&#8221; url_new_window=&#8221;on&#8221; admin_label=&#8221;28 Marcha Mulleres&#8221; _builder_version=&#8221;4.23.1&#8243; _module_preset=&#8221;default&#8221; animation_style=&#8221;slide&#8221; global_colors_info=&#8221;{}&#8221;][\/et_pb_image][et_pb_image src=&#8221;https:\/\/redeacampa.org\/wp-content\/uploads\/msg.png&#8221; alt=&#8221;1.FIBGAR&#8221; title_text=&#8221;msg&#8221; url=&#8221;https:\/\/www.mundosinguerras.org\/es&#8221; url_new_window=&#8221;on&#8221; admin_label=&#8221;3 mundo sen guerras e sen violencia&#8221; _builder_version=&#8221;4.23.1&#8243; _module_preset=&#8221;default&#8221; animation_style=&#8221;slide&#8221; global_colors_info=&#8221;{}&#8221;][\/et_pb_image][et_pb_image src=&#8221;https:\/\/redeacampa.org\/wp-content\/uploads\/45.proactivaOpensArms.png&#8221; alt=&#8221;1.FIBGAR&#8221; title_text=&#8221;45.proactivaOpensArms&#8221; url=&#8221;https:\/\/www.proactivaopenarms.org&#8221; url_new_window=&#8221;on&#8221; admin_label=&#8221;18 proactiva Open Arms&#8221; _builder_version=&#8221;4.23.1&#8243; _module_preset=&#8221;default&#8221; animation_style=&#8221;slide&#8221; global_colors_info=&#8221;{}&#8221;][\/et_pb_image][et_pb_image src=&#8221;https:\/\/redeacampa.org\/wp-content\/uploads\/49.r_g_apaoio_a-persoas_refuxiadas.jpg&#8221; alt=&#8221;1.FIBGAR&#8221; title_text=&#8221;49.r_g_apaoio_a-persoas_refuxiadas&#8221; url=&#8221;https:\/\/www.rederefuxiadas.org\/&#8221; url_new_window=&#8221;on&#8221; admin_label=&#8221;64 Rede Galega de apaoio a persoas refuxiadas&#8221; _builder_version=&#8221;4.23.1&#8243; _module_preset=&#8221;default&#8221; animation_style=&#8221;slide&#8221; global_colors_info=&#8221;{}&#8221;][\/et_pb_image][et_pb_image src=&#8221;https:\/\/redeacampa.org\/wp-content\/uploads\/53.solidaridadeGalega.png&#8221; alt=&#8221;1.FIBGAR&#8221; title_text=&#8221;53.solidaridadeGalega&#8221; url=&#8221;https:\/\/www.solidariedadegalega.org\/&#8221; url_new_window=&#8221;on&#8221; admin_label=&#8221;16 Solidaridade Galega&#8221; _builder_version=&#8221;4.23.1&#8243; _module_preset=&#8221;default&#8221; animation_style=&#8221;slide&#8221; global_colors_info=&#8221;{}&#8221;][\/et_pb_image][et_pb_image src=&#8221;https:\/\/redeacampa.org\/wp-content\/uploads\/57.ITerraM_br.png&#8221; alt=&#8221;1.FIBGAR&#8221; title_text=&#8221;57.ITerraM_br&#8221; url=&#8221;https:\/\/www.facebook.com\/terramater.instituto\/&#8221; url_new_window=&#8221;on&#8221; admin_label=&#8221;Instituto Terra Mater&#8221; _builder_version=&#8221;4.23.1&#8243; _module_preset=&#8221;default&#8221; animation_style=&#8221;slide&#8221; global_colors_info=&#8221;{}&#8221;][\/et_pb_image][et_pb_image src=&#8221;https:\/\/redeacampa.org\/wp-content\/uploads\/61.NonNoNosoNome.png&#8221; alt=&#8221;1.FIBGAR&#8221; title_text=&#8221;61.NonNoNosoNome&#8221; url=&#8221;http:\/\/www.rederefuxiadas.org\/&#8221; url_new_window=&#8221;on&#8221; admin_label=&#8221;Non No Noso Nome&#8221; _builder_version=&#8221;4.23.1&#8243; _module_preset=&#8221;default&#8221; animation_style=&#8221;slide&#8221; global_colors_info=&#8221;{}&#8221;][\/et_pb_image][et_pb_image src=&#8221;https:\/\/redeacampa.org\/wp-content\/uploads\/65.CIM_.png&#8221; alt=&#8221;1.FIBGAR&#8221; title_text=&#8221;65.CIM&#8221; url=&#8221;https:\/\/cimi.org.br&#8221; url_new_window=&#8221;on&#8221; admin_label=&#8221;CIMi&#8221; _builder_version=&#8221;4.23.1&#8243; _module_preset=&#8221;default&#8221; animation_style=&#8221;slide&#8221; global_colors_info=&#8221;{}&#8221;][\/et_pb_image][\/et_pb_column][et_pb_column type=&#8221;1_4&#8243; _builder_version=&#8221;4.16&#8243; _module_preset=&#8221;default&#8221; global_colors_info=&#8221;{}&#8221;][et_pb_image src=&#8221;https:\/\/redeacampa.org\/wp-content\/uploads\/2.smh_.jpg&#8221; alt=&#8221;2.smh&#8221; title_text=&#8221;2.smh&#8221; url=&#8221;https:\/\/www.facebook.com\/smhumanitario&#8221; url_new_window=&#8221;on&#8221; admin_label=&#8221;Salvamento Mar\u00edtimo Humanitario&#8221; _builder_version=&#8221;4.23.1&#8243; _module_preset=&#8221;default&#8221; animation_style=&#8221;slide&#8221; global_colors_info=&#8221;{}&#8221;][\/et_pb_image][et_pb_image src=&#8221;https:\/\/redeacampa.org\/wp-content\/uploads\/6.accem_.jpg&#8221; alt=&#8221;2.smh&#8221; title_text=&#8221;6.accem&#8221; url=&#8221;https:\/\/www.accem.es\/&#8221; url_new_window=&#8221;on&#8221; admin_label=&#8221;59 ACCEM&#8221; _builder_version=&#8221;4.23.1&#8243; _module_preset=&#8221;default&#8221; animation_style=&#8221;slide&#8221; global_colors_info=&#8221;{}&#8221;][\/et_pb_image][et_pb_image src=&#8221;https:\/\/redeacampa.org\/wp-content\/uploads\/10.AIRE_n.jpg&#8221; alt=&#8221;2.smh&#8221; title_text=&#8221;10.AIRE_n&#8221; url=&#8221;https:\/\/ongaire.org\/&#8221; url_new_window=&#8221;on&#8221; admin_label=&#8221;9 AIRE&#8221; _builder_version=&#8221;4.23.1&#8243; _module_preset=&#8221;default&#8221; animation_style=&#8221;slide&#8221; global_colors_info=&#8221;{}&#8221;][\/et_pb_image][et_pb_image src=&#8221;https:\/\/redeacampa.org\/wp-content\/uploads\/14.BNG_.png&#8221; alt=&#8221;2.smh&#8221; title_text=&#8221;14.BNG&#8221; url=&#8221;https:\/\/www.bng.gal\/&#8221; url_new_window=&#8221;on&#8221; admin_label=&#8221;47 BNG&#8221; _builder_version=&#8221;4.23.1&#8243; _module_preset=&#8221;default&#8221; animation_style=&#8221;slide&#8221; global_colors_info=&#8221;{}&#8221;][\/et_pb_image][et_pb_image src=&#8221;https:\/\/redeacampa.org\/wp-content\/uploads\/18.foroGalegoInmigracion.png&#8221; alt=&#8221;2.smh&#8221; title_text=&#8221;18.foroGalegoInmigracion&#8221; url=&#8221;https:\/\/forogi.wordpress.com\/&#8221; url_new_window=&#8221;on&#8221; admin_label=&#8221;7 foro galego de inmigraci\u00f3n&#8221; _builder_version=&#8221;4.23.1&#8243; _module_preset=&#8221;default&#8221; animation_style=&#8221;slide&#8221; global_colors_info=&#8221;{}&#8221;][\/et_pb_image][et_pb_image src=&#8221;https:\/\/redeacampa.org\/wp-content\/uploads\/22.Greenpeace.jpg&#8221; alt=&#8221;2.smh&#8221; title_text=&#8221;22.Greenpeace&#8221; url=&#8221;https:\/\/es.greenpeace.org\/es\/&#8221; url_new_window=&#8221;on&#8221; admin_label=&#8221;50 greenpeace&#8221; _builder_version=&#8221;4.23.1&#8243; _module_preset=&#8221;default&#8221; animation_style=&#8221;slide&#8221; global_colors_info=&#8221;{}&#8221;][\/et_pb_image][et_pb_image src=&#8221;https:\/\/redeacampa.org\/wp-content\/uploads\/26.juecesDemocracia.png&#8221; alt=&#8221;2.smh&#8221; title_text=&#8221;26.juecesDemocracia&#8221; url=&#8221;https:\/\/www.juecesdemocracia.es\/&#8221; url_new_window=&#8221;on&#8221; admin_label=&#8221;60 jueces democracia&#8221; _builder_version=&#8221;4.23.1&#8243; _module_preset=&#8221;default&#8221; animation_style=&#8221;slide&#8221; global_colors_info=&#8221;{}&#8221;][\/et_pb_image][et_pb_image src=&#8221;https:\/\/redeacampa.org\/wp-content\/uploads\/30.MareaAtlantica.png&#8221; alt=&#8221;2.smh&#8221; title_text=&#8221;30.MareaAtlantica&#8221; url=&#8221;https:\/\/mareatlantica.org\/&#8221; url_new_window=&#8221;on&#8221; admin_label=&#8221;41 marea atl\u00e1ntica&#8221; _builder_version=&#8221;4.23.1&#8243; _module_preset=&#8221;default&#8221; animation_style=&#8221;slide&#8221; global_colors_info=&#8221;{}&#8221;][\/et_pb_image][et_pb_image src=&#8221;https:\/\/redeacampa.org\/wp-content\/uploads\/Oficina_cooperacion_voluntariado.jpg&#8221; alt=&#8221;Oficina de Cooperaci\u00f3n e Voluntariado&#8221; title_text=&#8221;Oficina de Cooperaci\u00f3n e Voluntariado&#8221; url=&#8221;https:\/\/www.udc.es\/ocv\/&#8221; url_new_window=&#8221;on&#8221; admin_label=&#8221;45 Oficina Cooperaci\u00f3n y Voluntariado&#8221; _builder_version=&#8221;4.23.1&#8243; _module_preset=&#8221;default&#8221; animation_style=&#8221;slide&#8221; global_colors_info=&#8221;{}&#8221;][\/et_pb_image][et_pb_image src=&#8221;https:\/\/redeacampa.org\/wp-content\/uploads\/38.pallasosEnRebeldia.png&#8221; alt=&#8221;Oficina de Cooperaci\u00f3n e Voluntariado&#8221; title_text=&#8221;38.pallasosEnRebeldia&#8221; url=&#8221;https:\/\/pallasosenrebeldia.org\/&#8221; url_new_window=&#8221;on&#8221; admin_label=&#8221;10 Payasos en Rebeldia&#8221; _builder_version=&#8221;4.23.1&#8243; _module_preset=&#8221;default&#8221; animation_style=&#8221;slide&#8221; global_colors_info=&#8221;{}&#8221;][\/et_pb_image][et_pb_image src=&#8221;https:\/\/redeacampa.org\/wp-content\/uploads\/42.psoe_.png&#8221; alt=&#8221;Oficina de Cooperaci\u00f3n e Voluntariado&#8221; title_text=&#8221;42.psoe&#8221; url=&#8221;https:\/\/web.psoe.es\/ambito\/coruna\/news\/index.do&#8221; url_new_window=&#8221;on&#8221; admin_label=&#8221;40 PSOE&#8221; _builder_version=&#8221;4.23.1&#8243; _module_preset=&#8221;default&#8221; animation_style=&#8221;slide&#8221; global_colors_info=&#8221;{}&#8221;][\/et_pb_image][et_pb_image src=&#8221;https:\/\/redeacampa.org\/wp-content\/uploads\/46.sgep_.png&#8221; alt=&#8221;Oficina de Cooperaci\u00f3n e Voluntariado&#8221; title_text=&#8221;46.sgep&#8221; url=&#8221;https:\/\/www.sgep.org&#8221; url_new_window=&#8221;on&#8221; admin_label=&#8221;37 sgrp&#8221; _builder_version=&#8221;4.23.1&#8243; _module_preset=&#8221;default&#8221; animation_style=&#8221;slide&#8221; global_colors_info=&#8221;{}&#8221;][\/et_pb_image][et_pb_image src=&#8221;https:\/\/redeacampa.org\/wp-content\/uploads\/50.SolidaridadeInternacional.png&#8221; alt=&#8221;Oficina de Cooperaci\u00f3n e Voluntariado&#8221; title_text=&#8221;50.SolidaridadeInternacional&#8221; url=&#8221;https:\/\/www.solidaridadgalicia.org\/&#8221; url_new_window=&#8221;on&#8221; admin_label=&#8221;34 Solidaridade Internacional&#8221; _builder_version=&#8221;4.23.1&#8243; _module_preset=&#8221;default&#8221; animation_style=&#8221;slide&#8221; global_colors_info=&#8221;{}&#8221;][\/et_pb_image][et_pb_image src=&#8221;https:\/\/redeacampa.org\/wp-content\/uploads\/54.MSTdoC.png&#8221; alt=&#8221;Oficina de Cooperaci\u00f3n e Voluntariado&#8221; title_text=&#8221;54.MSTdoC&#8221; url=&#8221;https:\/\/www.movimentosemtetodocentro.com.br\/&#8221; url_new_window=&#8221;on&#8221; admin_label=&#8221;MSTdoC&#8221; _builder_version=&#8221;4.23.1&#8243; _module_preset=&#8221;default&#8221; animation_style=&#8221;slide&#8221; global_colors_info=&#8221;{}&#8221;][\/et_pb_image][et_pb_image src=&#8221;https:\/\/redeacampa.org\/wp-content\/uploads\/58LEPA_br.png&#8221; alt=&#8221;Oficina de Cooperaci\u00f3n e Voluntariado&#8221; title_text=&#8221;58LEPA_br&#8221; url=&#8221;https:\/\/www.facebook.com\/ocaea\/&#8221; url_new_window=&#8221;on&#8221; admin_label=&#8221;Laboratorio de Educa\u00e7ao e pol\u00edtica Ambient&#8221; _builder_version=&#8221;4.23.1&#8243; _module_preset=&#8221;default&#8221; animation_style=&#8221;slide&#8221; global_colors_info=&#8221;{}&#8221;][\/et_pb_image][et_pb_image src=&#8221;https:\/\/redeacampa.org\/wp-content\/uploads\/62.Foca_mx.png&#8221; alt=&#8221;Oficina de Cooperaci\u00f3n e Voluntariado&#8221; title_text=&#8221;62.Foca_mx&#8221; url=&#8221;https:\/\/foca.org.mx\/&#8221; url_new_window=&#8221;on&#8221; admin_label=&#8221;foca&#8221; _builder_version=&#8221;4.23.1&#8243; _module_preset=&#8221;default&#8221; animation_style=&#8221;slide&#8221; global_colors_info=&#8221;{}&#8221;][\/et_pb_image][et_pb_image src=&#8221;https:\/\/redeacampa.org\/wp-content\/uploads\/Ecodesarrollo-Gaia.png&#8221; alt=&#8221;Ecodesarrollo Gaia&#8221; title_text=&#8221;Ecodesarrollo Gaia&#8221; url=&#8221;https:\/\/ecodesarrollogaia.org\/&#8221; url_new_window=&#8221;on&#8221; admin_label=&#8221;Ecodesarrollo Gaia&#8221; _builder_version=&#8221;4.23.1&#8243; _module_preset=&#8221;default&#8221; animation_style=&#8221;slide&#8221; global_colors_info=&#8221;{}&#8221;][\/et_pb_image][et_pb_image src=&#8221;https:\/\/redeacampa.org\/wp-content\/uploads\/70.AVV_IAR.png&#8221; alt=&#8221;Oficina de Cooperaci\u00f3n e Voluntariado&#8221; title_text=&#8221;70.AVV_IAR&#8221; url=&#8221;https:\/\/www.facebook.com\/AVV-Castrill%C3%B3n-Urbanizaci%C3%B3n-Soto-IAR-1037669719667099\/&#8221; url_new_window=&#8221;on&#8221; admin_label=&#8221;AVV IAR&#8221; _builder_version=&#8221;4.23.1&#8243; _module_preset=&#8221;default&#8221; animation_style=&#8221;slide&#8221; global_colors_info=&#8221;{}&#8221;][\/et_pb_image][et_pb_image src=&#8221;https:\/\/redeacampa.org\/wp-content\/uploads\/74.Colectivo_ollo.png&#8221; alt=&#8221;Oficina de Cooperaci\u00f3n e Voluntariado&#8221; title_text=&#8221;74.Colectivo_ollo&#8221; url=&#8221;https:\/\/ollo.gal\/&#8221; url_new_window=&#8221;on&#8221; admin_label=&#8221;OLLO&#8221; _builder_version=&#8221;4.23.1&#8243; _module_preset=&#8221;default&#8221; animation_style=&#8221;slide&#8221; global_colors_info=&#8221;{}&#8221;][\/et_pb_image][\/et_pb_column][et_pb_column type=&#8221;1_4&#8243; _builder_version=&#8221;4.16&#8243; _module_preset=&#8221;default&#8221; global_colors_info=&#8221;{}&#8221;][et_pb_image src=&#8221;https:\/\/redeacampa.org\/wp-content\/uploads\/3.ESQUERDA-UNIDA.jpg&#8221; alt=&#8221;3.ESQUERDA-UNIDA&#8221; title_text=&#8221;3.ESQUERDA-UNIDA&#8221; url=&#8221;https:\/\/esquerdaunida.org\/&#8221; url_new_window=&#8221;on&#8221; admin_label=&#8221;EsquerdaUNIDA&#8221; _builder_version=&#8221;4.23.1&#8243; _module_preset=&#8221;default&#8221; animation_style=&#8221;slide&#8221; global_colors_info=&#8221;{}&#8221;][\/et_pb_image][et_pb_image src=&#8221;https:\/\/redeacampa.org\/wp-content\/uploads\/7.ccooCoruna.png&#8221; alt=&#8221;3.ESQUERDA-UNIDA&#8221; title_text=&#8221;7.ccooCoruna&#8221; url=&#8221;https:\/\/www.galicia.ccoo.es&#8221; url_new_window=&#8221;on&#8221; admin_label=&#8221;11 CCOO A CORU\u00d1A&#8221; _builder_version=&#8221;4.23.1&#8243; _module_preset=&#8221;default&#8221; animation_style=&#8221;slide&#8221; global_colors_info=&#8221;{}&#8221;][\/et_pb_image][et_pb_image src=&#8221;https:\/\/redeacampa.org\/wp-content\/uploads\/11.equo_.png&#8221; alt=&#8221;3.ESQUERDA-UNIDA&#8221; title_text=&#8221;11.equo&#8221; url=&#8221;https:\/\/equogalicia.org&#8221; url_new_window=&#8221;on&#8221; admin_label=&#8221;30 EQUO&#8221; _builder_version=&#8221;4.23.1&#8243; _module_preset=&#8221;default&#8221; animation_style=&#8221;slide&#8221; global_colors_info=&#8221;{}&#8221;][\/et_pb_image][et_pb_image src=&#8221;https:\/\/redeacampa.org\/wp-content\/uploads\/15.forum_propolis.jpg&#8221; alt=&#8221;3.ESQUERDA-UNIDA&#8221; title_text=&#8221;15.forum_propolis&#8221; url=&#8221;https:\/\/www.facebook.com\/forumpropolis\/&#8221; url_new_window=&#8221;on&#8221; admin_label=&#8221;57 forum propolis&#8221; _builder_version=&#8221;4.23.1&#8243; _module_preset=&#8221;default&#8221; animation_style=&#8221;slide&#8221; global_colors_info=&#8221;{}&#8221;][\/et_pb_image][et_pb_image src=&#8221;https:\/\/redeacampa.org\/wp-content\/uploads\/19.inNaveCivitas.png&#8221; alt=&#8221;3.ESQUERDA-UNIDA&#8221; title_text=&#8221;19.inNaveCivitas&#8221; url=&#8221;https:\/\/innavecivitaslugris.blogspot.com.es\/&#8221; url_new_window=&#8221;on&#8221; admin_label=&#8221;17 in nave civitas&#8221; _builder_version=&#8221;4.23.1&#8243; _module_preset=&#8221;default&#8221; animation_style=&#8221;slide&#8221; global_colors_info=&#8221;{}&#8221;][\/et_pb_image][et_pb_image src=&#8221;https:\/\/redeacampa.org\/wp-content\/uploads\/23.luces_.png&#8221; alt=&#8221;3.ESQUERDA-UNIDA&#8221; title_text=&#8221;23.luces&#8221; url=&#8221;https:\/\/revistaluzes.com\/&#8221; url_new_window=&#8221;on&#8221; admin_label=&#8221;35 Luces&#8221; _builder_version=&#8221;4.23.1&#8243; _module_preset=&#8221;default&#8221; animation_style=&#8221;slide&#8221; global_colors_info=&#8221;{}&#8221;][\/et_pb_image][et_pb_image src=&#8221;https:\/\/redeacampa.org\/wp-content\/uploads\/27.medicosDelMundo.png&#8221; alt=&#8221;3.ESQUERDA-UNIDA&#8221; title_text=&#8221;27.medicosDelMundo&#8221; url=&#8221;https:\/\/www.medicosdelmundo.org\/&#8221; url_new_window=&#8221;on&#8221; admin_label=&#8221;48 medicos del mundo&#8221; _builder_version=&#8221;4.23.1&#8243; _module_preset=&#8221;default&#8221; animation_style=&#8221;slide&#8221; global_colors_info=&#8221;{}&#8221;][\/et_pb_image][et_pb_image src=&#8221;https:\/\/redeacampa.org\/wp-content\/uploads\/31.adcor_.png&#8221; alt=&#8221;3.ESQUERDA-UNIDA&#8221; title_text=&#8221;31.adcor&#8221; url=&#8221;https:\/\/adcor.org&#8221; url_new_window=&#8221;on&#8221; admin_label=&#8221;adcor&#8221; _builder_version=&#8221;4.23.1&#8243; _module_preset=&#8221;default&#8221; animation_style=&#8221;slide&#8221; global_colors_info=&#8221;{}&#8221;][\/et_pb_image][et_pb_image src=&#8221;https:\/\/redeacampa.org\/wp-content\/uploads\/35.podemosCoruna.png&#8221; alt=&#8221;3.ESQUERDA-UNIDA&#8221; title_text=&#8221;35.podemosCoruna&#8221; url=&#8221;https:\/\/acoruna.podemos.info\/&#8221; url_new_window=&#8221;on&#8221; admin_label=&#8221;20 Podemos Coru\u00f1a&#8221; _builder_version=&#8221;4.23.1&#8243; _module_preset=&#8221;default&#8221; animation_style=&#8221;slide&#8221; global_colors_info=&#8221;{}&#8221;][\/et_pb_image][et_pb_image src=&#8221;https:\/\/redeacampa.org\/wp-content\/uploads\/43.Sen-Animo-de-nome.jpg&#8221; alt=&#8221;3.ESQUERDA-UNIDA&#8221; title_text=&#8221;43.Sen-Animo-de-nome&#8221; url=&#8221;https:\/\/www.facebook.com\/senanimodenome&#8221; url_new_window=&#8221;on&#8221; admin_label=&#8221;49 Sen Animo de Nome&#8221; _builder_version=&#8221;4.23.1&#8243; _module_preset=&#8221;default&#8221; animation_style=&#8221;slide&#8221; global_colors_info=&#8221;{}&#8221;][\/et_pb_image][et_pb_image src=&#8221;https:\/\/redeacampa.org\/wp-content\/uploads\/47.sosRacismo.png&#8221; alt=&#8221;3.ESQUERDA-UNIDA&#8221; title_text=&#8221;47.sosRacismo&#8221; url=&#8221;https:\/\/www.sosracismogalicia.org\/&#8221; url_new_window=&#8221;on&#8221; admin_label=&#8221;19 Sos Racismo&#8221; _builder_version=&#8221;4.23.1&#8243; _module_preset=&#8221;default&#8221; animation_style=&#8221;slide&#8221; global_colors_info=&#8221;{}&#8221;][\/et_pb_image][et_pb_image src=&#8221;https:\/\/redeacampa.org\/wp-content\/uploads\/51.ugt_.png&#8221; alt=&#8221;3.ESQUERDA-UNIDA&#8221; title_text=&#8221;51.ugt&#8221; url=&#8221;https:\/\/www.ugtcoruna.es\/&#8221; url_new_window=&#8221;on&#8221; admin_label=&#8221;25 ugt&#8221; _builder_version=&#8221;4.23.1&#8243; _module_preset=&#8221;default&#8221; animation_style=&#8221;slide&#8221; global_colors_info=&#8221;{}&#8221;][\/et_pb_image][et_pb_image src=&#8221;https:\/\/redeacampa.org\/wp-content\/uploads\/55.CEAR_.png&#8221; alt=&#8221;3.ESQUERDA-UNIDA&#8221; title_text=&#8221;55.CEAR&#8221; url=&#8221;https:\/\/www.cear.es\/&#8221; url_new_window=&#8221;on&#8221; admin_label=&#8221;Comisi\u00f3n Espa\u00f1ola de Ayuda al Refugiado&#8221; _builder_version=&#8221;4.23.1&#8243; _module_preset=&#8221;default&#8221; animation_style=&#8221;slide&#8221; global_colors_info=&#8221;{}&#8221;][\/et_pb_image][et_pb_image src=&#8221;https:\/\/redeacampa.org\/wp-content\/uploads\/59.ESF_.png&#8221; alt=&#8221;3.ESQUERDA-UNIDA&#8221; title_text=&#8221;59.ESF&#8221; url=&#8221;https:\/\/www.facebook.com\/ESFGal\/&#8221; url_new_window=&#8221;on&#8221; admin_label=&#8221;Enxe\u00f1er\u00eda Sen Fronteiras&#8221; _builder_version=&#8221;4.23.1&#8243; _module_preset=&#8221;default&#8221; animation_style=&#8221;slide&#8221; global_colors_info=&#8221;{}&#8221;][\/et_pb_image][et_pb_image src=&#8221;https:\/\/redeacampa.org\/wp-content\/uploads\/MST.png&#8221; alt=&#8221;MST&#8221; title_text=&#8221;MST&#8221; url=&#8221;https:\/\/mst.org.br\/&#8221; url_new_window=&#8221;on&#8221; admin_label=&#8221;MST Rurais&#8221; _builder_version=&#8221;4.23.1&#8243; _module_preset=&#8221;default&#8221; animation_style=&#8221;slide&#8221; global_colors_info=&#8221;{}&#8221;][\/et_pb_image][et_pb_image src=&#8221;https:\/\/redeacampa.org\/wp-content\/uploads\/por-que-no.png&#8221; alt=&#8221;3.ESQUERDA-UNIDA&#8221; title_text=&#8221;por-que-no&#8221; url=&#8221;https:\/\/www.ongporqueno.com\/&#8221; url_new_window=&#8221;on&#8221; admin_label=&#8221;por que no&#8221; _builder_version=&#8221;4.23.1&#8243; _module_preset=&#8221;default&#8221; animation_style=&#8221;slide&#8221; global_colors_info=&#8221;{}&#8221;][\/et_pb_image][et_pb_image src=&#8221;https:\/\/redeacampa.org\/wp-content\/uploads\/71SenValos.png&#8221; alt=&#8221;3.ESQUERDA-UNIDA&#8221; title_text=&#8221;71SenValos&#8221; url=&#8221;https:\/\/senvalos.org\/&#8221; url_new_window=&#8221;on&#8221; admin_label=&#8221;SenValos&#8221; _builder_version=&#8221;4.23.1&#8243; _module_preset=&#8221;default&#8221; animation_style=&#8221;slide&#8221; global_colors_info=&#8221;{}&#8221;][\/et_pb_image][et_pb_image src=&#8221;https:\/\/redeacampa.org\/wp-content\/uploads\/75.Arquitectura_S_F.png&#8221; alt=&#8221;3.ESQUERDA-UNIDA&#8221; title_text=&#8221;75.Arquitectura_S_F&#8221; url=&#8221;https:\/\/asfes.org\/&#8221; url_new_window=&#8221;on&#8221; admin_label=&#8221;Arquitectura S F&#8221; _builder_version=&#8221;4.23.1&#8243; _module_preset=&#8221;default&#8221; animation_style=&#8221;slide&#8221; global_colors_info=&#8221;{}&#8221;][\/et_pb_image][et_pb_image src=&#8221;https:\/\/redeacampa.org\/wp-content\/uploads\/73.Home-Novo.png&#8221; alt=&#8221;1.FIBGAR&#8221; title_text=&#8221;73.Home-Novo&#8221; url=&#8221;https:\/\/www.facebook.com\/comunidadehomenovo\/&#8221; url_new_window=&#8221;on&#8221; admin_label=&#8221;Home Novo&#8221; _builder_version=&#8221;4.23.1&#8243; _module_preset=&#8221;default&#8221; animation_style=&#8221;slide&#8221; global_colors_info=&#8221;{}&#8221;][\/et_pb_image][\/et_pb_column][et_pb_column type=&#8221;1_4&#8243; _builder_version=&#8221;4.16&#8243; _module_preset=&#8221;default&#8221; global_colors_info=&#8221;{}&#8221;][et_pb_image src=&#8221;https:\/\/redeacampa.org\/wp-content\/uploads\/4.-AccionNorte.png&#8221; alt=&#8221;4. AccionNorte&#8221; title_text=&#8221;4. AccionNorte&#8221; url=&#8221;https:\/\/www.facebook.com\/ONGDNORTE&#8221; url_new_window=&#8221;on&#8221; admin_label=&#8221;62 ACCI\u00d3N NORTE&#8221; _builder_version=&#8221;4.23.1&#8243; _module_preset=&#8221;default&#8221; animation_style=&#8221;slide&#8221; global_colors_info=&#8221;{}&#8221;][\/et_pb_image][et_pb_image src=&#8221;https:\/\/redeacampa.org\/wp-content\/uploads\/8.ccguerra.png&#8221; alt=&#8221;4. AccionNorte&#8221; title_text=&#8221;8.ccguerra&#8221; url=&#8221;https:\/\/www.facebook.com\/pasaxesegura\/&#8221; url_new_window=&#8221;on&#8221; admin_label=&#8221;1CCG&#8221; _builder_version=&#8221;4.23.1&#8243; _module_preset=&#8221;default&#8221; animation_style=&#8221;slide&#8221; global_colors_info=&#8221;{}&#8221;][\/et_pb_image][et_pb_image src=&#8221;https:\/\/redeacampa.org\/wp-content\/uploads\/12.CRMH_.png&#8221; alt=&#8221;4. AccionNorte&#8221; title_text=&#8221;12.CRMH&#8221; url=&#8221;https:\/\/memoriadacoruna.com\/&#8221; url_new_window=&#8221;on&#8221; admin_label=&#8221;39 CRMH&#8221; _builder_version=&#8221;4.23.1&#8243; _module_preset=&#8221;default&#8221; animation_style=&#8221;slide&#8221; global_colors_info=&#8221;{}&#8221;][\/et_pb_image][et_pb_image src=&#8221;https:\/\/redeacampa.org\/wp-content\/uploads\/16.EcosDoSur.png&#8221; alt=&#8221;4. AccionNorte&#8221; title_text=&#8221;16.EcosDoSur&#8221; url=&#8221;https:\/\/www.ecosdosur.org\/&#8221; url_new_window=&#8221;on&#8221; admin_label=&#8221;44 ecos do sur&#8221; _builder_version=&#8221;4.23.1&#8243; _module_preset=&#8221;default&#8221; animation_style=&#8221;slide&#8221; global_colors_info=&#8221;{}&#8221;][\/et_pb_image][et_pb_image src=&#8221;https:\/\/redeacampa.org\/wp-content\/uploads\/20.oxfanIntermon.png&#8221; alt=&#8221;4. AccionNorte&#8221; title_text=&#8221;20.oxfanIntermon&#8221; url=&#8221;https:\/\/www.oxfamintermon.org\/&#8221; url_new_window=&#8221;on&#8221; admin_label=&#8221;21 oxfan interm\u00f3n&#8221; _builder_version=&#8221;4.23.1&#8243; _module_preset=&#8221;default&#8221; animation_style=&#8221;slide&#8221; global_colors_info=&#8221;{}&#8221;][\/et_pb_image][et_pb_image src=&#8221;https:\/\/redeacampa.org\/wp-content\/uploads\/24.Mar-de-Fabula.jpg&#8221; alt=&#8221;4. AccionNorte&#8221; title_text=&#8221;24.Mar-de-Fabula&#8221; url=&#8221;https:\/\/www.mardefabula.org\/es&#8221; url_new_window=&#8221;on&#8221; admin_label=&#8221;52 mar de fabula&#8221; _builder_version=&#8221;4.23.1&#8243; _module_preset=&#8221;default&#8221; animation_style=&#8221;slide&#8221; global_colors_info=&#8221;{}&#8221;][\/et_pb_image][et_pb_image src=&#8221;https:\/\/redeacampa.org\/wp-content\/uploads\/Medicos_sin_fronteras.png&#8221; alt=&#8221;Medicos Sin Fronteras&#8221; title_text=&#8221;Medicos_sin_fronteras&#8221; url=&#8221;https:\/\/www.msf.es\/&#8221; url_new_window=&#8221;on&#8221; admin_label=&#8221;61 m\u00e9dicos sin fronteras&#8221; _builder_version=&#8221;4.23.1&#8243; _module_preset=&#8221;default&#8221; animation_style=&#8221;slide&#8221; hover_enabled=&#8221;0&#8243; global_colors_info=&#8221;{}&#8221; sticky_enabled=&#8221;0&#8243;][\/et_pb_image][et_pb_image src=&#8221;https:\/\/redeacampa.org\/wp-content\/uploads\/32.padreRubinos.png&#8221; alt=&#8221;4. AccionNorte&#8221; title_text=&#8221;32.padreRubinos&#8221; url=&#8221;https:\/\/www.padrerubinos.org&#8221; url_new_window=&#8221;on&#8221; admin_label=&#8221;12 padre rubinos&#8221; _builder_version=&#8221;4.23.1&#8243; _module_preset=&#8221;default&#8221; animation_style=&#8221;slide&#8221; global_colors_info=&#8221;{}&#8221;][\/et_pb_image][et_pb_image src=&#8221;https:\/\/redeacampa.org\/wp-content\/uploads\/36.Poten100mos.png&#8221; alt=&#8221;4. AccionNorte&#8221; title_text=&#8221;36.Poten100mos&#8221; url=&#8221;https:\/\/www.poten100mos.org\/&#8221; url_new_window=&#8221;on&#8221; admin_label=&#8221;36 POTEN100MOS&#8221; _builder_version=&#8221;4.23.1&#8243; _module_preset=&#8221;default&#8221; animation_style=&#8221;slide&#8221; global_colors_info=&#8221;{}&#8221;][\/et_pb_image][et_pb_image src=&#8221;https:\/\/redeacampa.org\/wp-content\/uploads\/40.simbiose.png&#8221; alt=&#8221;4. AccionNorte&#8221; title_text=&#8221;40.simbiose&#8221; url=&#8221;https:\/\/www.asociacionsimbiose.org\/&#8221; url_new_window=&#8221;on&#8221; admin_label=&#8221;51 Simbiose&#8221; _builder_version=&#8221;4.23.1&#8243; _module_preset=&#8221;default&#8221; animation_style=&#8221;slide&#8221; global_colors_info=&#8221;{}&#8221;][\/et_pb_image][et_pb_image src=&#8221;https:\/\/redeacampa.org\/wp-content\/uploads\/44.vangardaObreira.png&#8221; alt=&#8221;4. AccionNorte&#8221; title_text=&#8221;44.vangardaObreira&#8221; url_new_window=&#8221;on&#8221; admin_label=&#8221;13 VANGARDA OBREIRA&#8221; _builder_version=&#8221;4.23.1&#8243; _module_preset=&#8221;default&#8221; animation_style=&#8221;slide&#8221; global_colors_info=&#8221;{}&#8221;][\/et_pb_image][et_pb_image src=&#8221;https:\/\/redeacampa.org\/wp-content\/uploads\/48.msiria.png&#8221; alt=&#8221;4. AccionNorte&#8221; title_text=&#8221;48.msiria&#8221; url=&#8221;https:\/\/swnsyria.org&#8221; url_new_window=&#8221;on&#8221; admin_label=&#8221;4 Syrian women&#8217;s network&#8221; _builder_version=&#8221;4.23.1&#8243; _module_preset=&#8221;default&#8221; animation_style=&#8221;slide&#8221; global_colors_info=&#8221;{}&#8221;][\/et_pb_image][et_pb_image src=&#8221;https:\/\/redeacampa.org\/wp-content\/uploads\/52.ACABoveda.png&#8221; alt=&#8221;4. AccionNorte&#8221; title_text=&#8221;52.ACABoveda&#8221; url=&#8221;https:\/\/www.acalexandreboveda.gal\/&#8221; url_new_window=&#8221;on&#8221; admin_label=&#8221;A. C. Alexandre B\u00f3veda&#8221; _builder_version=&#8221;4.23.1&#8243; _module_preset=&#8221;default&#8221; animation_style=&#8221;slide&#8221; global_colors_info=&#8221;{}&#8221;][\/et_pb_image][et_pb_image src=&#8221;https:\/\/redeacampa.org\/wp-content\/uploads\/56.amiga_.png&#8221; alt=&#8221;4. AccionNorte&#8221; title_text=&#8221;56.amiga&#8221; url=&#8221;https:\/\/www.amiga.gal\/&#8221; url_new_window=&#8221;on&#8221; admin_label=&#8221;AMIGA&#8221; _builder_version=&#8221;4.23.1&#8243; _module_preset=&#8221;default&#8221; animation_style=&#8221;slide&#8221; global_colors_info=&#8221;{}&#8221;][\/et_pb_image][et_pb_image src=&#8221;https:\/\/redeacampa.org\/wp-content\/uploads\/60.Comisions-Labregas.png&#8221; alt=&#8221;4. AccionNorte&#8221; title_text=&#8221;60.Comisions-Labregas&#8221; url=&#8221;http:\/\/www.sindicatolabrego.com\/&#8221; url_new_window=&#8221;on&#8221; admin_label=&#8221;C. Labregas&#8221; _builder_version=&#8221;4.23.1&#8243; _module_preset=&#8221;default&#8221; animation_style=&#8221;slide&#8221; global_colors_info=&#8221;{}&#8221;][\/et_pb_image][et_pb_image src=&#8221;https:\/\/redeacampa.org\/wp-content\/uploads\/64.Ambiente.png&#8221; alt=&#8221;4. AccionNorte&#8221; title_text=&#8221;64.Ambiente&#8221; url=&#8221;http:\/\/ambientetotal.org.br\/&#8221; url_new_window=&#8221;on&#8221; admin_label=&#8221;ambiente&#8221; _builder_version=&#8221;4.23.1&#8243; _module_preset=&#8221;default&#8221; animation_style=&#8221;slide&#8221; global_colors_info=&#8221;{}&#8221;][\/et_pb_image][et_pb_image src=&#8221;https:\/\/redeacampa.org\/wp-content\/uploads\/76.Logo-Donaire.png&#8221; alt=&#8221;1.FIBGAR&#8221; title_text=&#8221;76.Logo-Donaire&#8221; url=&#8221;http:\/\/www.acdonaire.com\/&#8221; url_new_window=&#8221;on&#8221; admin_label=&#8221;Donaire&#8221; _builder_version=&#8221;4.23.1&#8243; _module_preset=&#8221;default&#8221; animation_style=&#8221;slide&#8221; global_colors_info=&#8221;{}&#8221;][\/et_pb_image][et_pb_image src=&#8221;https:\/\/redeacampa.org\/wp-content\/uploads\/69.ApRMH_.png&#8221; alt=&#8221;1.FIBGAR&#8221; title_text=&#8221;69.ApRMH&#8221; url=&#8221;https:\/\/memoriahistorica.org.es\/&#8221; url_new_window=&#8221;on&#8221; admin_label=&#8221;ARMH&#8221; _builder_version=&#8221;4.23.1&#8243; _module_preset=&#8221;default&#8221; animation_style=&#8221;slide&#8221; global_colors_info=&#8221;{}&#8221;][\/et_pb_image][\/et_pb_column][\/et_pb_row][\/et_pb_section]<\/p>\n","protected":false},"excerpt":{"rendered":"","protected":false},"author":4,"featured_media":45156,"parent":0,"menu_order":0,"comment_status":"closed","ping_status":"closed","template":"","meta":{"_et_pb_use_builder":"on","_et_pb_old_content":"","_et_gb_content_width":"","footnotes":""},"categories":[3],"tags":[],"class_list":["post-50372","page","type-page","status-publish","has-post-thumbnail","hentry","category-sin-categoria-gl"],"yoast_head":"<!-- This site is optimized with the Yoast SEO plugin v27.4 - https:\/\/yoast.com\/product\/yoast-seo-wordpress\/ -->\n<title>Organizaci\u00f3ns na rede - Acampa - Pola paz e o dereito a refuxio<\/title>\n<meta name=\"description\" content=\"Co\u00f1ece a asociaci\u00f3n REDE ACAMPA POLA PAZ E O DEREITO A REFUXIO, con sede actualmente na Coru\u00f1a, Brasil e pr\u00f3ximamente Portugal.\" \/>\n<meta name=\"robots\" content=\"index, follow, max-snippet:-1, max-image-preview:large, max-video-preview:-1\" \/>\n<link rel=\"canonical\" href=\"https:\/\/redeacampa.org\/gl\/organizacions-na-rede\/\" \/>\n<meta property=\"og:locale\" content=\"gl_ES\" \/>\n<meta property=\"og:type\" content=\"article\" \/>\n<meta property=\"og:title\" content=\"Organizaci\u00f3ns na rede - Acampa - Pola paz e o dereito a refuxio\" \/>\n<meta property=\"og:description\" content=\"Co\u00f1ece a asociaci\u00f3n REDE ACAMPA POLA PAZ E O DEREITO A REFUXIO, con sede actualmente na Coru\u00f1a, Brasil e pr\u00f3ximamente Portugal.\" \/>\n<meta property=\"og:url\" content=\"https:\/\/redeacampa.org\/gl\/organizacions-na-rede\/\" \/>\n<meta property=\"og:site_name\" content=\"Acampa - Pola paz e o dereito a refuxio\" \/>\n<meta property=\"article:publisher\" content=\"https:\/\/www.facebook.com\/acampapolapazeodereitoarefuxio\" \/>\n<meta property=\"article:modified_time\" content=\"2025-05-01T16:52:27+00:00\" \/>\n<meta property=\"og:image\" content=\"https:\/\/redeacampa.org\/wp-content\/uploads\/Acampa_gl.png\" \/>\n\t<meta property=\"og:image:width\" content=\"497\" \/>\n\t<meta property=\"og:image:height\" content=\"167\" \/>\n\t<meta property=\"og:image:type\" content=\"image\/png\" \/>\n<meta name=\"twitter:card\" content=\"summary_large_image\" \/>\n<meta name=\"twitter:site\" content=\"@Acampa_polapaz\" \/>\n<meta name=\"twitter:label1\" content=\"Tempo de lectura\" \/>\n\t<meta name=\"twitter:data1\" content=\"16 minutos\" \/>\n<script type=\"application\/ld+json\" class=\"yoast-schema-graph\">{\"@context\":\"https:\\\/\\\/schema.org\",\"@graph\":[{\"@type\":\"WebPage\",\"@id\":\"https:\\\/\\\/redeacampa.org\\\/gl\\\/organizacions-na-rede\\\/\",\"url\":\"https:\\\/\\\/redeacampa.org\\\/gl\\\/organizacions-na-rede\\\/\",\"name\":\"Organizaci\u00f3ns na rede - Acampa - Pola paz e o dereito a refuxio\",\"isPartOf\":{\"@id\":\"https:\\\/\\\/redeacampa.org\\\/gl\\\/#website\"},\"primaryImageOfPage\":{\"@id\":\"https:\\\/\\\/redeacampa.org\\\/gl\\\/organizacions-na-rede\\\/#primaryimage\"},\"image\":{\"@id\":\"https:\\\/\\\/redeacampa.org\\\/gl\\\/organizacions-na-rede\\\/#primaryimage\"},\"thumbnailUrl\":\"https:\\\/\\\/redeacampa.org\\\/wp-content\\\/uploads\\\/Acampa_gl.png\",\"datePublished\":\"2024-04-22T23:49:15+00:00\",\"dateModified\":\"2025-05-01T16:52:27+00:00\",\"description\":\"Co\u00f1ece a asociaci\u00f3n REDE ACAMPA POLA PAZ E O DEREITO A REFUXIO, con sede actualmente na Coru\u00f1a, Brasil e pr\u00f3ximamente Portugal.\",\"breadcrumb\":{\"@id\":\"https:\\\/\\\/redeacampa.org\\\/gl\\\/organizacions-na-rede\\\/#breadcrumb\"},\"inLanguage\":\"gl-ES\",\"potentialAction\":[{\"@type\":\"ReadAction\",\"target\":[\"https:\\\/\\\/redeacampa.org\\\/gl\\\/organizacions-na-rede\\\/\"]}]},{\"@type\":\"ImageObject\",\"inLanguage\":\"gl-ES\",\"@id\":\"https:\\\/\\\/redeacampa.org\\\/gl\\\/organizacions-na-rede\\\/#primaryimage\",\"url\":\"https:\\\/\\\/redeacampa.org\\\/wp-content\\\/uploads\\\/Acampa_gl.png\",\"contentUrl\":\"https:\\\/\\\/redeacampa.org\\\/wp-content\\\/uploads\\\/Acampa_gl.png\",\"width\":497,\"height\":167,\"caption\":\"Acampa, Pola Paz e o Dereito a Refuxio\"},{\"@type\":\"BreadcrumbList\",\"@id\":\"https:\\\/\\\/redeacampa.org\\\/gl\\\/organizacions-na-rede\\\/#breadcrumb\",\"itemListElement\":[{\"@type\":\"ListItem\",\"position\":1,\"name\":\"Portada\",\"item\":\"https:\\\/\\\/redeacampa.org\\\/gl\\\/\"},{\"@type\":\"ListItem\",\"position\":2,\"name\":\"Organizaci\u00f3ns na rede\"}]},{\"@type\":\"WebSite\",\"@id\":\"https:\\\/\\\/redeacampa.org\\\/gl\\\/#website\",\"url\":\"https:\\\/\\\/redeacampa.org\\\/gl\\\/\",\"name\":\"Acampa - Pola paz e o dereito a refuxio\",\"description\":\"Unha iniciativa cidad\u00e1 sen fins de lucro integrada por colectivos sociais, culturais, educativos, veci\u00f1ais, pol\u00edticos, sindicais, art\u00edsticos, de persoas solidarias, de instituci\u00f3ns e empresas con responsabilidade social que te\u00f1en como obxectivo a defensa dos dereitos humanos, o Dereito Internacional Humanitario e o Dereito a Refuxio.\",\"publisher\":{\"@id\":\"https:\\\/\\\/redeacampa.org\\\/gl\\\/#organization\"},\"potentialAction\":[{\"@type\":\"SearchAction\",\"target\":{\"@type\":\"EntryPoint\",\"urlTemplate\":\"https:\\\/\\\/redeacampa.org\\\/gl\\\/?s={search_term_string}\"},\"query-input\":{\"@type\":\"PropertyValueSpecification\",\"valueRequired\":true,\"valueName\":\"search_term_string\"}}],\"inLanguage\":\"gl-ES\"},{\"@type\":\"Organization\",\"@id\":\"https:\\\/\\\/redeacampa.org\\\/gl\\\/#organization\",\"name\":\"Acampa\",\"url\":\"https:\\\/\\\/redeacampa.org\\\/gl\\\/\",\"logo\":{\"@type\":\"ImageObject\",\"inLanguage\":\"gl-ES\",\"@id\":\"https:\\\/\\\/redeacampa.org\\\/gl\\\/#\\\/schema\\\/logo\\\/image\\\/\",\"url\":\"https:\\\/\\\/redeacampa.org\\\/wp-content\\\/uploads\\\/2019\\\/01\\\/acampaConRojo_es.png\",\"contentUrl\":\"https:\\\/\\\/redeacampa.org\\\/wp-content\\\/uploads\\\/2019\\\/01\\\/acampaConRojo_es.png\",\"width\":612,\"height\":204,\"caption\":\"Acampa\"},\"image\":{\"@id\":\"https:\\\/\\\/redeacampa.org\\\/gl\\\/#\\\/schema\\\/logo\\\/image\\\/\"},\"sameAs\":[\"https:\\\/\\\/www.facebook.com\\\/acampapolapazeodereitoarefuxio\",\"https:\\\/\\\/x.com\\\/Acampa_polapaz\",\"https:\\\/\\\/www.instagram.com\\\/Acampa_polapaz\\\/\",\"https:\\\/\\\/www.youtube.com\\\/channel\\\/UChk1mSCHVEHmjq9e8PLb-mw\"]}]}<\/script>\n<!-- \/ Yoast SEO plugin. -->","yoast_head_json":{"title":"Organizaci\u00f3ns na rede - Acampa - Pola paz e o dereito a refuxio","description":"Co\u00f1ece a asociaci\u00f3n REDE ACAMPA POLA PAZ E O DEREITO A REFUXIO, con sede actualmente na Coru\u00f1a, Brasil e pr\u00f3ximamente Portugal.","robots":{"index":"index","follow":"follow","max-snippet":"max-snippet:-1","max-image-preview":"max-image-preview:large","max-video-preview":"max-video-preview:-1"},"canonical":"https:\/\/redeacampa.org\/gl\/organizacions-na-rede\/","og_locale":"gl_ES","og_type":"article","og_title":"Organizaci\u00f3ns na rede - Acampa - Pola paz e o dereito a refuxio","og_description":"Co\u00f1ece a asociaci\u00f3n REDE ACAMPA POLA PAZ E O DEREITO A REFUXIO, con sede actualmente na Coru\u00f1a, Brasil e pr\u00f3ximamente Portugal.","og_url":"https:\/\/redeacampa.org\/gl\/organizacions-na-rede\/","og_site_name":"Acampa - Pola paz e o dereito a refuxio","article_publisher":"https:\/\/www.facebook.com\/acampapolapazeodereitoarefuxio","article_modified_time":"2025-05-01T16:52:27+00:00","og_image":[{"width":497,"height":167,"url":"https:\/\/redeacampa.org\/wp-content\/uploads\/Acampa_gl.png","type":"image\/png"}],"twitter_card":"summary_large_image","twitter_site":"@Acampa_polapaz","twitter_misc":{"Tempo de lectura":"16 minutos"},"schema":{"@context":"https:\/\/schema.org","@graph":[{"@type":"WebPage","@id":"https:\/\/redeacampa.org\/gl\/organizacions-na-rede\/","url":"https:\/\/redeacampa.org\/gl\/organizacions-na-rede\/","name":"Organizaci\u00f3ns na rede - Acampa - Pola paz e o dereito a refuxio","isPartOf":{"@id":"https:\/\/redeacampa.org\/gl\/#website"},"primaryImageOfPage":{"@id":"https:\/\/redeacampa.org\/gl\/organizacions-na-rede\/#primaryimage"},"image":{"@id":"https:\/\/redeacampa.org\/gl\/organizacions-na-rede\/#primaryimage"},"thumbnailUrl":"https:\/\/redeacampa.org\/wp-content\/uploads\/Acampa_gl.png","datePublished":"2024-04-22T23:49:15+00:00","dateModified":"2025-05-01T16:52:27+00:00","description":"Co\u00f1ece a asociaci\u00f3n REDE ACAMPA POLA PAZ E O DEREITO A REFUXIO, con sede actualmente na Coru\u00f1a, Brasil e pr\u00f3ximamente Portugal.","breadcrumb":{"@id":"https:\/\/redeacampa.org\/gl\/organizacions-na-rede\/#breadcrumb"},"inLanguage":"gl-ES","potentialAction":[{"@type":"ReadAction","target":["https:\/\/redeacampa.org\/gl\/organizacions-na-rede\/"]}]},{"@type":"ImageObject","inLanguage":"gl-ES","@id":"https:\/\/redeacampa.org\/gl\/organizacions-na-rede\/#primaryimage","url":"https:\/\/redeacampa.org\/wp-content\/uploads\/Acampa_gl.png","contentUrl":"https:\/\/redeacampa.org\/wp-content\/uploads\/Acampa_gl.png","width":497,"height":167,"caption":"Acampa, Pola Paz e o Dereito a Refuxio"},{"@type":"BreadcrumbList","@id":"https:\/\/redeacampa.org\/gl\/organizacions-na-rede\/#breadcrumb","itemListElement":[{"@type":"ListItem","position":1,"name":"Portada","item":"https:\/\/redeacampa.org\/gl\/"},{"@type":"ListItem","position":2,"name":"Organizaci\u00f3ns na rede"}]},{"@type":"WebSite","@id":"https:\/\/redeacampa.org\/gl\/#website","url":"https:\/\/redeacampa.org\/gl\/","name":"Acampa - Pola paz e o dereito a refuxio","description":"Unha iniciativa cidad\u00e1 sen fins de lucro integrada por colectivos sociais, culturais, educativos, veci\u00f1ais, pol\u00edticos, sindicais, art\u00edsticos, de persoas solidarias, de instituci\u00f3ns e empresas con responsabilidade social que te\u00f1en como obxectivo a defensa dos dereitos humanos, o Dereito Internacional Humanitario e o Dereito a Refuxio.","publisher":{"@id":"https:\/\/redeacampa.org\/gl\/#organization"},"potentialAction":[{"@type":"SearchAction","target":{"@type":"EntryPoint","urlTemplate":"https:\/\/redeacampa.org\/gl\/?s={search_term_string}"},"query-input":{"@type":"PropertyValueSpecification","valueRequired":true,"valueName":"search_term_string"}}],"inLanguage":"gl-ES"},{"@type":"Organization","@id":"https:\/\/redeacampa.org\/gl\/#organization","name":"Acampa","url":"https:\/\/redeacampa.org\/gl\/","logo":{"@type":"ImageObject","inLanguage":"gl-ES","@id":"https:\/\/redeacampa.org\/gl\/#\/schema\/logo\/image\/","url":"https:\/\/redeacampa.org\/wp-content\/uploads\/2019\/01\/acampaConRojo_es.png","contentUrl":"https:\/\/redeacampa.org\/wp-content\/uploads\/2019\/01\/acampaConRojo_es.png","width":612,"height":204,"caption":"Acampa"},"image":{"@id":"https:\/\/redeacampa.org\/gl\/#\/schema\/logo\/image\/"},"sameAs":["https:\/\/www.facebook.com\/acampapolapazeodereitoarefuxio","https:\/\/x.com\/Acampa_polapaz","https:\/\/www.instagram.com\/Acampa_polapaz\/","https:\/\/www.youtube.com\/channel\/UChk1mSCHVEHmjq9e8PLb-mw"]}]}},"_links":{"self":[{"href":"https:\/\/redeacampa.org\/gl\/wp-json\/wp\/v2\/pages\/50372","targetHints":{"allow":["GET"]}}],"collection":[{"href":"https:\/\/redeacampa.org\/gl\/wp-json\/wp\/v2\/pages"}],"about":[{"href":"https:\/\/redeacampa.org\/gl\/wp-json\/wp\/v2\/types\/page"}],"author":[{"embeddable":true,"href":"https:\/\/redeacampa.org\/gl\/wp-json\/wp\/v2\/users\/4"}],"replies":[{"embeddable":true,"href":"https:\/\/redeacampa.org\/gl\/wp-json\/wp\/v2\/comments?post=50372"}],"version-history":[{"count":7,"href":"https:\/\/redeacampa.org\/gl\/wp-json\/wp\/v2\/pages\/50372\/revisions"}],"predecessor-version":[{"id":52400,"href":"https:\/\/redeacampa.org\/gl\/wp-json\/wp\/v2\/pages\/50372\/revisions\/52400"}],"wp:featuredmedia":[{"embeddable":true,"href":"https:\/\/redeacampa.org\/gl\/wp-json\/wp\/v2\/media\/45156"}],"wp:attachment":[{"href":"https:\/\/redeacampa.org\/gl\/wp-json\/wp\/v2\/media?parent=50372"}],"wp:term":[{"taxonomy":"category","embeddable":true,"href":"https:\/\/redeacampa.org\/gl\/wp-json\/wp\/v2\/categories?post=50372"},{"taxonomy":"post_tag","embeddable":true,"href":"https:\/\/redeacampa.org\/gl\/wp-json\/wp\/v2\/tags?post=50372"}],"curies":[{"name":"wp","href":"https:\/\/api.w.org\/{rel}","templated":true}]}}